{"id":68,"date":"2025-02-26T20:15:20","date_gmt":"2025-02-26T18:15:20","guid":{"rendered":"https:\/\/www.turnverein-ebenfurth.at\/?page_id=68"},"modified":"2025-11-21T14:53:12","modified_gmt":"2025-11-21T13:53:12","slug":"team","status":"publish","type":"page","link":"https:\/\/www.turnverein-ebenfurth.at\/?page_id=68","title":{"rendered":"Team"},"content":{"rendered":"<div class=\"wp-block-image\">\n<figure class=\"alignright size-large is-resized\"><a href=\"http:\/\/www.turnverein-ebenfurth.at\/wp-content\/uploads\/2025\/06\/IMG_8823-scaled.jpg\"><img loading=\"lazy\" decoding=\"async\" width=\"683\" height=\"1024\" src=\"http:\/\/www.turnverein-ebenfurth.at\/wp-content\/uploads\/2025\/06\/IMG_8823-683x1024.jpg\" alt=\"\" class=\"wp-image-469\" style=\"width:129px;height:auto\" srcset=\"https:\/\/www.turnverein-ebenfurth.at\/wp-content\/uploads\/2025\/06\/IMG_8823-683x1024.jpg 683w, https:\/\/www.turnverein-ebenfurth.at\/wp-content\/uploads\/2025\/06\/IMG_8823-200x300.jpg 200w, https:\/\/www.turnverein-ebenfurth.at\/wp-content\/uploads\/2025\/06\/IMG_8823-768x1152.jpg 768w, https:\/\/www.turnverein-ebenfurth.at\/wp-content\/uploads\/2025\/06\/IMG_8823-1024x1536.jpg 1024w, https:\/\/www.turnverein-ebenfurth.at\/wp-content\/uploads\/2025\/06\/IMG_8823-1365x2048.jpg 1365w, https:\/\/www.turnverein-ebenfurth.at\/wp-content\/uploads\/2025\/06\/IMG_8823-scaled.jpg 1707w\" sizes=\"auto, (max-width: 683px) 100vw, 683px\" \/><\/a><\/figure><\/div>\n\n\n<p class=\"has-text-align-right\"><br><strong>Robert Piros<\/strong><br>Vereinsobmann<br>Funktionelles Ganzk\u00f6pertraining Erwachsene<\/p>\n\n\n<div class=\"wp-block-image\">\n<figure class=\"alignleft size-large is-resized\"><a href=\"http:\/\/www.turnverein-ebenfurth.at\/wp-content\/uploads\/2025\/06\/IMG_8857-scaled.jpg\"><img loading=\"lazy\" decoding=\"async\" width=\"683\" height=\"1024\" src=\"http:\/\/www.turnverein-ebenfurth.at\/wp-content\/uploads\/2025\/06\/IMG_8857-683x1024.jpg\" alt=\"\" class=\"wp-image-474\" style=\"width:129px;height:auto\" srcset=\"https:\/\/www.turnverein-ebenfurth.at\/wp-content\/uploads\/2025\/06\/IMG_8857-683x1024.jpg 683w, https:\/\/www.turnverein-ebenfurth.at\/wp-content\/uploads\/2025\/06\/IMG_8857-200x300.jpg 200w, https:\/\/www.turnverein-ebenfurth.at\/wp-content\/uploads\/2025\/06\/IMG_8857-768x1152.jpg 768w, https:\/\/www.turnverein-ebenfurth.at\/wp-content\/uploads\/2025\/06\/IMG_8857-1024x1536.jpg 1024w, https:\/\/www.turnverein-ebenfurth.at\/wp-content\/uploads\/2025\/06\/IMG_8857-1365x2048.jpg 1365w, https:\/\/www.turnverein-ebenfurth.at\/wp-content\/uploads\/2025\/06\/IMG_8857-scaled.jpg 1707w\" sizes=\"auto, (max-width: 683px) 100vw, 683px\" \/><\/a><\/figure><\/div>\n\n\n<p class=\"has-text-align-left\"><br><strong>Isabella Eder<\/strong><br>\u00dcbungsleiterin Eltern- Kindturnen f\u00fcr 3-4 J\u00e4hrige<br>\u00dcbungsleiterin Kindturnen f\u00fcr 4-6 J\u00e4hrige<\/p>\n\n\n<div class=\"wp-block-image\">\n<figure class=\"alignright size-large is-resized\"><a href=\"http:\/\/www.turnverein-ebenfurth.at\/wp-content\/uploads\/2025\/06\/IMG_8863-scaled.jpg\"><img loading=\"lazy\" decoding=\"async\" width=\"683\" height=\"1024\" src=\"http:\/\/www.turnverein-ebenfurth.at\/wp-content\/uploads\/2025\/06\/IMG_8863-683x1024.jpg\" alt=\"\" class=\"wp-image-463\" style=\"width:129px;height:auto\" srcset=\"https:\/\/www.turnverein-ebenfurth.at\/wp-content\/uploads\/2025\/06\/IMG_8863-683x1024.jpg 683w, https:\/\/www.turnverein-ebenfurth.at\/wp-content\/uploads\/2025\/06\/IMG_8863-200x300.jpg 200w, https:\/\/www.turnverein-ebenfurth.at\/wp-content\/uploads\/2025\/06\/IMG_8863-768x1152.jpg 768w, https:\/\/www.turnverein-ebenfurth.at\/wp-content\/uploads\/2025\/06\/IMG_8863-1024x1536.jpg 1024w, https:\/\/www.turnverein-ebenfurth.at\/wp-content\/uploads\/2025\/06\/IMG_8863-1365x2048.jpg 1365w, https:\/\/www.turnverein-ebenfurth.at\/wp-content\/uploads\/2025\/06\/IMG_8863-scaled.jpg 1707w\" sizes=\"auto, (max-width: 683px) 100vw, 683px\" \/><\/a><\/figure><\/div>\n\n\n<p class=\"has-text-align-right\"><br><strong>Barbara Piros<\/strong><br>St\u00fctzkraft Eltern- Kindturnen 3-4 J\u00e4hrige<br>St\u00fctzkraft Kinderturnen f\u00fcr 4-6 J\u00e4hrige<\/p>\n\n\n<div class=\"wp-block-image\">\n<figure class=\"alignleft size-large is-resized\"><a href=\"http:\/\/www.turnverein-ebenfurth.at\/wp-content\/uploads\/2025\/06\/IMG_8845-scaled.jpg\"><img loading=\"lazy\" decoding=\"async\" width=\"683\" height=\"1024\" src=\"http:\/\/www.turnverein-ebenfurth.at\/wp-content\/uploads\/2025\/06\/IMG_8845-683x1024.jpg\" alt=\"\" class=\"wp-image-465\" style=\"width:134px;height:auto\" srcset=\"https:\/\/www.turnverein-ebenfurth.at\/wp-content\/uploads\/2025\/06\/IMG_8845-683x1024.jpg 683w, https:\/\/www.turnverein-ebenfurth.at\/wp-content\/uploads\/2025\/06\/IMG_8845-200x300.jpg 200w, https:\/\/www.turnverein-ebenfurth.at\/wp-content\/uploads\/2025\/06\/IMG_8845-768x1152.jpg 768w, https:\/\/www.turnverein-ebenfurth.at\/wp-content\/uploads\/2025\/06\/IMG_8845-1024x1536.jpg 1024w, https:\/\/www.turnverein-ebenfurth.at\/wp-content\/uploads\/2025\/06\/IMG_8845-1365x2048.jpg 1365w, https:\/\/www.turnverein-ebenfurth.at\/wp-content\/uploads\/2025\/06\/IMG_8845-scaled.jpg 1707w\" sizes=\"auto, (max-width: 683px) 100vw, 683px\" \/><\/a><\/figure><\/div>\n\n\n<p><br><strong>Elisabeth Piros<\/strong><br>St\u00fctzkraft Eltern- Kindturnen 3-4 J\u00e4hrige<\/p>\n\n\n<div class=\"wp-block-image\">\n<figure class=\"alignright size-large is-resized\"><a href=\"http:\/\/www.turnverein-ebenfurth.at\/wp-content\/uploads\/2025\/06\/IMG_8771-scaled.jpg\"><img loading=\"lazy\" decoding=\"async\" width=\"683\" height=\"1024\" src=\"http:\/\/www.turnverein-ebenfurth.at\/wp-content\/uploads\/2025\/06\/IMG_8771-683x1024.jpg\" alt=\"\" class=\"wp-image-467\" style=\"width:134px;height:auto\" srcset=\"https:\/\/www.turnverein-ebenfurth.at\/wp-content\/uploads\/2025\/06\/IMG_8771-683x1024.jpg 683w, https:\/\/www.turnverein-ebenfurth.at\/wp-content\/uploads\/2025\/06\/IMG_8771-200x300.jpg 200w, https:\/\/www.turnverein-ebenfurth.at\/wp-content\/uploads\/2025\/06\/IMG_8771-768x1152.jpg 768w, https:\/\/www.turnverein-ebenfurth.at\/wp-content\/uploads\/2025\/06\/IMG_8771-1024x1536.jpg 1024w, https:\/\/www.turnverein-ebenfurth.at\/wp-content\/uploads\/2025\/06\/IMG_8771-1365x2048.jpg 1365w, https:\/\/www.turnverein-ebenfurth.at\/wp-content\/uploads\/2025\/06\/IMG_8771-scaled.jpg 1707w\" sizes=\"auto, (max-width: 683px) 100vw, 683px\" \/><\/a><\/figure><\/div>\n\n\n<p class=\"has-text-align-right\"><br><strong>Florian Schinninger<\/strong><br>\u00dcbungsleiter Kinderturnen 6-10 J\u00e4hrige<br>\u00dcbungsleiter Kinderturnen 10-14 J\u00e4hrige<\/p>\n\n\n<div class=\"wp-block-image\">\n<figure class=\"alignleft size-large is-resized\"><a href=\"http:\/\/www.turnverein-ebenfurth.at\/wp-content\/uploads\/2025\/06\/IMG_8866-scaled.jpg\"><img loading=\"lazy\" decoding=\"async\" width=\"683\" height=\"1024\" src=\"http:\/\/www.turnverein-ebenfurth.at\/wp-content\/uploads\/2025\/06\/IMG_8866-683x1024.jpg\" alt=\"\" class=\"wp-image-464\" style=\"width:134px;height:auto\" srcset=\"https:\/\/www.turnverein-ebenfurth.at\/wp-content\/uploads\/2025\/06\/IMG_8866-683x1024.jpg 683w, https:\/\/www.turnverein-ebenfurth.at\/wp-content\/uploads\/2025\/06\/IMG_8866-200x300.jpg 200w, https:\/\/www.turnverein-ebenfurth.at\/wp-content\/uploads\/2025\/06\/IMG_8866-768x1152.jpg 768w, https:\/\/www.turnverein-ebenfurth.at\/wp-content\/uploads\/2025\/06\/IMG_8866-1024x1536.jpg 1024w, https:\/\/www.turnverein-ebenfurth.at\/wp-content\/uploads\/2025\/06\/IMG_8866-1365x2048.jpg 1365w, https:\/\/www.turnverein-ebenfurth.at\/wp-content\/uploads\/2025\/06\/IMG_8866-scaled.jpg 1707w\" sizes=\"auto, (max-width: 683px) 100vw, 683px\" \/><\/a><\/figure><\/div>\n\n\n<p class=\"has-text-align-left\"><br><strong>Stefan Eder<\/strong><br>St\u00fctzkraft Kinderturnen 6-10 J\u00e4hrige<br>St\u00fctzkraft Kinderturnen 10-14 J\u00e4hrige<\/p>\n\n\n<div class=\"wp-block-image\">\n<figure class=\"alignright size-large is-resized\"><a href=\"http:\/\/www.turnverein-ebenfurth.at\/wp-content\/uploads\/2025\/06\/IMG_8773-scaled.jpg\"><img loading=\"lazy\" decoding=\"async\" width=\"683\" height=\"1024\" src=\"http:\/\/www.turnverein-ebenfurth.at\/wp-content\/uploads\/2025\/06\/IMG_8773-683x1024.jpg\" alt=\"\" class=\"wp-image-466\" style=\"width:134px;height:auto\" srcset=\"https:\/\/www.turnverein-ebenfurth.at\/wp-content\/uploads\/2025\/06\/IMG_8773-683x1024.jpg 683w, https:\/\/www.turnverein-ebenfurth.at\/wp-content\/uploads\/2025\/06\/IMG_8773-200x300.jpg 200w, https:\/\/www.turnverein-ebenfurth.at\/wp-content\/uploads\/2025\/06\/IMG_8773-768x1152.jpg 768w, https:\/\/www.turnverein-ebenfurth.at\/wp-content\/uploads\/2025\/06\/IMG_8773-1024x1536.jpg 1024w, https:\/\/www.turnverein-ebenfurth.at\/wp-content\/uploads\/2025\/06\/IMG_8773-1365x2048.jpg 1365w, https:\/\/www.turnverein-ebenfurth.at\/wp-content\/uploads\/2025\/06\/IMG_8773-scaled.jpg 1707w\" sizes=\"auto, (max-width: 683px) 100vw, 683px\" \/><\/a><\/figure><\/div>\n\n\n<p class=\"has-text-align-right\"><br><strong>Naomi Jivanov <\/strong><br>St\u00fctzkraft Kinderturnen 6-10 J\u00e4hrige<br>St\u00fctzkraft Kinderturnen 10-14 J\u00e4hrige<\/p>\n\n\n<div class=\"wp-block-image\">\n<figure class=\"alignleft size-large is-resized\"><a href=\"http:\/\/www.turnverein-ebenfurth.at\/wp-content\/uploads\/2025\/06\/IMG_8781-scaled.jpg\"><img loading=\"lazy\" decoding=\"async\" width=\"683\" height=\"1024\" src=\"http:\/\/www.turnverein-ebenfurth.at\/wp-content\/uploads\/2025\/06\/IMG_8781-683x1024.jpg\" alt=\"\" class=\"wp-image-468\" style=\"width:134px;height:auto\" srcset=\"https:\/\/www.turnverein-ebenfurth.at\/wp-content\/uploads\/2025\/06\/IMG_8781-683x1024.jpg 683w, https:\/\/www.turnverein-ebenfurth.at\/wp-content\/uploads\/2025\/06\/IMG_8781-200x300.jpg 200w, https:\/\/www.turnverein-ebenfurth.at\/wp-content\/uploads\/2025\/06\/IMG_8781-768x1152.jpg 768w, https:\/\/www.turnverein-ebenfurth.at\/wp-content\/uploads\/2025\/06\/IMG_8781-1024x1536.jpg 1024w, https:\/\/www.turnverein-ebenfurth.at\/wp-content\/uploads\/2025\/06\/IMG_8781-1365x2048.jpg 1365w, https:\/\/www.turnverein-ebenfurth.at\/wp-content\/uploads\/2025\/06\/IMG_8781-scaled.jpg 1707w\" sizes=\"auto, (max-width: 683px) 100vw, 683px\" \/><\/a><\/figure><\/div>\n\n\n<p class=\"has-text-align-left\"><br><strong>Melanie Sch\u00e4r<\/strong><br>St\u00fctzkraft Kinderturnen 6-10 J\u00e4hrige<br>St\u00fctzkraft Kinderturnen 10-14 J\u00e4hrige<\/p>\n\n\n<div class=\"wp-block-image\">\n<figure class=\"alignright size-full is-resized\"><a href=\"http:\/\/www.turnverein-ebenfurth.at\/wp-content\/uploads\/2025\/03\/cropped-StvIcon.png\"><img loading=\"lazy\" decoding=\"async\" width=\"512\" height=\"512\" src=\"http:\/\/www.turnverein-ebenfurth.at\/wp-content\/uploads\/2025\/03\/cropped-StvIcon.png\" alt=\"\" class=\"wp-image-419\" style=\"width:134px;height:auto\" srcset=\"https:\/\/www.turnverein-ebenfurth.at\/wp-content\/uploads\/2025\/03\/cropped-StvIcon.png 512w, https:\/\/www.turnverein-ebenfurth.at\/wp-content\/uploads\/2025\/03\/cropped-StvIcon-300x300.png 300w, https:\/\/www.turnverein-ebenfurth.at\/wp-content\/uploads\/2025\/03\/cropped-StvIcon-150x150.png 150w, https:\/\/www.turnverein-ebenfurth.at\/wp-content\/uploads\/2025\/03\/cropped-StvIcon-270x270.png 270w, https:\/\/www.turnverein-ebenfurth.at\/wp-content\/uploads\/2025\/03\/cropped-StvIcon-192x192.png 192w, https:\/\/www.turnverein-ebenfurth.at\/wp-content\/uploads\/2025\/03\/cropped-StvIcon-180x180.png 180w, https:\/\/www.turnverein-ebenfurth.at\/wp-content\/uploads\/2025\/03\/cropped-StvIcon-32x32.png 32w\" sizes=\"auto, (max-width: 512px) 100vw, 512px\" \/><\/a><\/figure><\/div>\n\n\n<p class=\"has-text-align-right\"><br><strong>Michael Graf<\/strong><br>Turnlehrer Kinderturnen 6-10 J\u00e4hrige<br><\/p>\n\n\n<div class=\"wp-block-image alignleft\">\n<figure class=\"size-full is-resize\"><a href=\"http:\/\/www.turnverein-ebenfurth.at\/wp-content\/uploads\/2025\/03\/cropped-StvIcon.png\"><img loading=\"lazy\" decoding=\"async\" width=\"512\" height=\"512\" src=\"http:\/\/www.turnverein-ebenfurth.at\/wp-content\/uploads\/2025\/03\/cropped-StvIcon.png\" alt=\"\" class=\"wp-image-419\" style=\"width:134px;height:auto\" srcset=\"https:\/\/www.turnverein-ebenfurth.at\/wp-content\/uploads\/2025\/03\/cropped-StvIcon.png 512w, https:\/\/www.turnverein-ebenfurth.at\/wp-content\/uploads\/2025\/03\/cropped-StvIcon-300x300.png 300w, https:\/\/www.turnverein-ebenfurth.at\/wp-content\/uploads\/2025\/03\/cropped-StvIcon-150x150.png 150w, https:\/\/www.turnverein-ebenfurth.at\/wp-content\/uploads\/2025\/03\/cropped-StvIcon-270x270.png 270w, https:\/\/www.turnverein-ebenfurth.at\/wp-content\/uploads\/2025\/03\/cropped-StvIcon-192x192.png 192w, https:\/\/www.turnverein-ebenfurth.at\/wp-content\/uploads\/2025\/03\/cropped-StvIcon-180x180.png 180w, https:\/\/www.turnverein-ebenfurth.at\/wp-content\/uploads\/2025\/03\/cropped-StvIcon-32x32.png 32w\" sizes=\"auto, (max-width: 512px) 100vw, 512px\" \/><\/a><\/figure><\/div>\n\n\n<p><p class=\"has-text-align-left\"><br><strong>Kathrin Rohrer <\/strong><br>St\u00fctzkraft Kinderturnen 6-10 J\u00e4hrige<br> St\u00fctzkraft Kinderturnen 10-14 J\u00e4hrige<br><\/p><\/p>\n\n\n<div class=\"wp-block-image alignright\">\n<figure class=\"size-full is-resized\"><a href=\"http:\/\/www.turnverein-ebenfurth.at\/wp-content\/uploads\/2025\/03\/cropped-StvIcon.png\"><img loading=\"lazy\" decoding=\"async\" width=\"512\" height=\"512\" src=\"http:\/\/www.turnverein-ebenfurth.at\/wp-content\/uploads\/2025\/03\/cropped-StvIcon.png\" alt=\"\" class=\"wp-image-419\" style=\"width:134px;height:auto\" srcset=\"https:\/\/www.turnverein-ebenfurth.at\/wp-content\/uploads\/2025\/03\/cropped-StvIcon.png 512w, https:\/\/www.turnverein-ebenfurth.at\/wp-content\/uploads\/2025\/03\/cropped-StvIcon-300x300.png 300w, https:\/\/www.turnverein-ebenfurth.at\/wp-content\/uploads\/2025\/03\/cropped-StvIcon-150x150.png 150w, https:\/\/www.turnverein-ebenfurth.at\/wp-content\/uploads\/2025\/03\/cropped-StvIcon-270x270.png 270w, https:\/\/www.turnverein-ebenfurth.at\/wp-content\/uploads\/2025\/03\/cropped-StvIcon-192x192.png 192w, https:\/\/www.turnverein-ebenfurth.at\/wp-content\/uploads\/2025\/03\/cropped-StvIcon-180x180.png 180w, https:\/\/www.turnverein-ebenfurth.at\/wp-content\/uploads\/2025\/03\/cropped-StvIcon-32x32.png 32w\" sizes=\"auto, (max-width: 512px) 100vw, 512px\" \/><\/a><\/figure><\/div>\n\n\n<p class=\"has-text-align-right\"><br><strong>Romana Palek<\/strong><br>St\u00fctzkraft Eltern- Kindturnen 3-4 J\u00e4hrige<br>St\u00fctzkraft Kinderturnen f\u00fcr 4-6 J\u00e4hrige<\/p>\n\n\n\n<p><\/p>\n","protected":false},"excerpt":{"rendered":"<p>Robert PirosVereinsobmannFunktionelles Ganzk\u00f6pertraining Erwachsene Isabella Eder\u00dcbungsleiterin Eltern- Kindturnen f\u00fcr 3-4 J\u00e4hrige\u00dcbungsleiterin Kindturnen f\u00fcr 4-6 J\u00e4hrige [&hellip;]<\/p>\n","protected":false},"author":5,"featured_media":0,"parent":0,"menu_order":0,"comment_status":"closed","ping_status":"closed","template":"","meta":{"footnotes":""},"class_list":["post-68","page","type-page","status-publish","hentry"],"yoast_head":"<!-- This site is optimized with the Yoast SEO plugin v24.6 - https:\/\/yoast.com\/wordpress\/plugins\/seo\/ -->\n<title>Team - Turnvereien Ebenfurth<\/title>\n<meta name=\"robots\" content=\"index, follow, max-snippet:-1, max-image-preview:large, max-video-preview:-1\" \/>\n<link rel=\"canonical\" href=\"https:\/\/www.turnverein-ebenfurth.at\/?page_id=68\" \/>\n<meta property=\"og:locale\" content=\"de_DE\" \/>\n<meta property=\"og:type\" content=\"article\" \/>\n<meta property=\"og:title\" content=\"Team - Turnvereien Ebenfurth\" \/>\n<meta property=\"og:description\" content=\"Robert PirosVereinsobmannFunktionelles Ganzk\u00f6pertraining Erwachsene Isabella Eder\u00dcbungsleiterin Eltern- Kindturnen f\u00fcr 3-4 J\u00e4hrige\u00dcbungsleiterin Kindturnen f\u00fcr 4-6 J\u00e4hrige [&hellip;]\" \/>\n<meta property=\"og:url\" content=\"https:\/\/www.turnverein-ebenfurth.at\/?page_id=68\" \/>\n<meta property=\"og:site_name\" content=\"Turnvereien Ebenfurth\" \/>\n<meta property=\"article:modified_time\" content=\"2025-11-21T13:53:12+00:00\" \/>\n<meta property=\"og:image\" content=\"https:\/\/www.turnverein-ebenfurth.at\/wp-content\/uploads\/2025\/06\/IMG_8823-scaled.jpg\" \/>\n\t<meta property=\"og:image:width\" content=\"1707\" \/>\n\t<meta property=\"og:image:height\" content=\"2560\" \/>\n\t<meta property=\"og:image:type\" content=\"image\/jpeg\" \/>\n<meta name=\"twitter:card\" content=\"summary_large_image\" \/>\n<meta name=\"twitter:label1\" content=\"Gesch\u00e4tzte Lesezeit\" \/>\n\t<meta name=\"twitter:data1\" content=\"3\u00a0Minuten\" \/>\n<script type=\"application\/ld+json\" class=\"yoast-schema-graph\">{\"@context\":\"https:\/\/schema.org\",\"@graph\":[{\"@type\":\"WebPage\",\"@id\":\"https:\/\/www.turnverein-ebenfurth.at\/?page_id=68\",\"url\":\"https:\/\/www.turnverein-ebenfurth.at\/?page_id=68\",\"name\":\"Team - Turnvereien Ebenfurth\",\"isPartOf\":{\"@id\":\"https:\/\/www.turnverein-ebenfurth.at\/#website\"},\"primaryImageOfPage\":{\"@id\":\"https:\/\/www.turnverein-ebenfurth.at\/?page_id=68#primaryimage\"},\"image\":{\"@id\":\"https:\/\/www.turnverein-ebenfurth.at\/?page_id=68#primaryimage\"},\"thumbnailUrl\":\"http:\/\/www.turnverein-ebenfurth.at\/wp-content\/uploads\/2025\/06\/IMG_8823-683x1024.jpg\",\"datePublished\":\"2025-02-26T18:15:20+00:00\",\"dateModified\":\"2025-11-21T13:53:12+00:00\",\"breadcrumb\":{\"@id\":\"https:\/\/www.turnverein-ebenfurth.at\/?page_id=68#breadcrumb\"},\"inLanguage\":\"de\",\"potentialAction\":[{\"@type\":\"ReadAction\",\"target\":[\"https:\/\/www.turnverein-ebenfurth.at\/?page_id=68\"]}]},{\"@type\":\"ImageObject\",\"inLanguage\":\"de\",\"@id\":\"https:\/\/www.turnverein-ebenfurth.at\/?page_id=68#primaryimage\",\"url\":\"https:\/\/www.turnverein-ebenfurth.at\/wp-content\/uploads\/2025\/06\/IMG_8823-scaled.jpg\",\"contentUrl\":\"https:\/\/www.turnverein-ebenfurth.at\/wp-content\/uploads\/2025\/06\/IMG_8823-scaled.jpg\",\"width\":1707,\"height\":2560},{\"@type\":\"BreadcrumbList\",\"@id\":\"https:\/\/www.turnverein-ebenfurth.at\/?page_id=68#breadcrumb\",\"itemListElement\":[{\"@type\":\"ListItem\",\"position\":1,\"name\":\"Startseite\",\"item\":\"https:\/\/www.turnverein-ebenfurth.at\/\"},{\"@type\":\"ListItem\",\"position\":2,\"name\":\"Team\"}]},{\"@type\":\"WebSite\",\"@id\":\"https:\/\/www.turnverein-ebenfurth.at\/#website\",\"url\":\"https:\/\/www.turnverein-ebenfurth.at\/\",\"name\":\"St\u00e4dtischer Turnverein Ebenfurth\",\"description\":\"Turnverein Ebenfurth\",\"publisher\":{\"@id\":\"https:\/\/www.turnverein-ebenfurth.at\/#organization\"},\"alternateName\":\"Turnverein Ebenfurth\",\"potentialAction\":[{\"@type\":\"SearchAction\",\"target\":{\"@type\":\"EntryPoint\",\"urlTemplate\":\"https:\/\/www.turnverein-ebenfurth.at\/?s={search_term_string}\"},\"query-input\":{\"@type\":\"PropertyValueSpecification\",\"valueRequired\":true,\"valueName\":\"search_term_string\"}}],\"inLanguage\":\"de\"},{\"@type\":\"Organization\",\"@id\":\"https:\/\/www.turnverein-ebenfurth.at\/#organization\",\"name\":\"St\u00e4dtischer Turnverein Ebenfurth\",\"alternateName\":\"STV Ebenfurth\",\"url\":\"https:\/\/www.turnverein-ebenfurth.at\/\",\"logo\":{\"@type\":\"ImageObject\",\"inLanguage\":\"de\",\"@id\":\"https:\/\/www.turnverein-ebenfurth.at\/#\/schema\/logo\/image\/\",\"url\":\"https:\/\/www.turnverein-ebenfurth.at\/wp-content\/uploads\/2025\/03\/STV_Logo.jpg\",\"contentUrl\":\"https:\/\/www.turnverein-ebenfurth.at\/wp-content\/uploads\/2025\/03\/STV_Logo.jpg\",\"width\":413,\"height\":122,\"caption\":\"St\u00e4dtischer Turnverein Ebenfurth\"},\"image\":{\"@id\":\"https:\/\/www.turnverein-ebenfurth.at\/#\/schema\/logo\/image\/\"}}]}<\/script>\n<!-- \/ Yoast SEO plugin. -->","yoast_head_json":{"title":"Team - Turnvereien Ebenfurth","robots":{"index":"index","follow":"follow","max-snippet":"max-snippet:-1","max-image-preview":"max-image-preview:large","max-video-preview":"max-video-preview:-1"},"canonical":"https:\/\/www.turnverein-ebenfurth.at\/?page_id=68","og_locale":"de_DE","og_type":"article","og_title":"Team - Turnvereien Ebenfurth","og_description":"Robert PirosVereinsobmannFunktionelles Ganzk\u00f6pertraining Erwachsene Isabella Eder\u00dcbungsleiterin Eltern- Kindturnen f\u00fcr 3-4 J\u00e4hrige\u00dcbungsleiterin Kindturnen f\u00fcr 4-6 J\u00e4hrige [&hellip;]","og_url":"https:\/\/www.turnverein-ebenfurth.at\/?page_id=68","og_site_name":"Turnvereien Ebenfurth","article_modified_time":"2025-11-21T13:53:12+00:00","og_image":[{"width":1707,"height":2560,"url":"https:\/\/www.turnverein-ebenfurth.at\/wp-content\/uploads\/2025\/06\/IMG_8823-scaled.jpg","type":"image\/jpeg"}],"twitter_card":"summary_large_image","twitter_misc":{"Gesch\u00e4tzte Lesezeit":"3\u00a0Minuten"},"schema":{"@context":"https:\/\/schema.org","@graph":[{"@type":"WebPage","@id":"https:\/\/www.turnverein-ebenfurth.at\/?page_id=68","url":"https:\/\/www.turnverein-ebenfurth.at\/?page_id=68","name":"Team - Turnvereien Ebenfurth","isPartOf":{"@id":"https:\/\/www.turnverein-ebenfurth.at\/#website"},"primaryImageOfPage":{"@id":"https:\/\/www.turnverein-ebenfurth.at\/?page_id=68#primaryimage"},"image":{"@id":"https:\/\/www.turnverein-ebenfurth.at\/?page_id=68#primaryimage"},"thumbnailUrl":"http:\/\/www.turnverein-ebenfurth.at\/wp-content\/uploads\/2025\/06\/IMG_8823-683x1024.jpg","datePublished":"2025-02-26T18:15:20+00:00","dateModified":"2025-11-21T13:53:12+00:00","breadcrumb":{"@id":"https:\/\/www.turnverein-ebenfurth.at\/?page_id=68#breadcrumb"},"inLanguage":"de","potentialAction":[{"@type":"ReadAction","target":["https:\/\/www.turnverein-ebenfurth.at\/?page_id=68"]}]},{"@type":"ImageObject","inLanguage":"de","@id":"https:\/\/www.turnverein-ebenfurth.at\/?page_id=68#primaryimage","url":"https:\/\/www.turnverein-ebenfurth.at\/wp-content\/uploads\/2025\/06\/IMG_8823-scaled.jpg","contentUrl":"https:\/\/www.turnverein-ebenfurth.at\/wp-content\/uploads\/2025\/06\/IMG_8823-scaled.jpg","width":1707,"height":2560},{"@type":"BreadcrumbList","@id":"https:\/\/www.turnverein-ebenfurth.at\/?page_id=68#breadcrumb","itemListElement":[{"@type":"ListItem","position":1,"name":"Startseite","item":"https:\/\/www.turnverein-ebenfurth.at\/"},{"@type":"ListItem","position":2,"name":"Team"}]},{"@type":"WebSite","@id":"https:\/\/www.turnverein-ebenfurth.at\/#website","url":"https:\/\/www.turnverein-ebenfurth.at\/","name":"St\u00e4dtischer Turnverein Ebenfurth","description":"Turnverein Ebenfurth","publisher":{"@id":"https:\/\/www.turnverein-ebenfurth.at\/#organization"},"alternateName":"Turnverein Ebenfurth","potentialAction":[{"@type":"SearchAction","target":{"@type":"EntryPoint","urlTemplate":"https:\/\/www.turnverein-ebenfurth.at\/?s={search_term_string}"},"query-input":{"@type":"PropertyValueSpecification","valueRequired":true,"valueName":"search_term_string"}}],"inLanguage":"de"},{"@type":"Organization","@id":"https:\/\/www.turnverein-ebenfurth.at\/#organization","name":"St\u00e4dtischer Turnverein Ebenfurth","alternateName":"STV Ebenfurth","url":"https:\/\/www.turnverein-ebenfurth.at\/","logo":{"@type":"ImageObject","inLanguage":"de","@id":"https:\/\/www.turnverein-ebenfurth.at\/#\/schema\/logo\/image\/","url":"https:\/\/www.turnverein-ebenfurth.at\/wp-content\/uploads\/2025\/03\/STV_Logo.jpg","contentUrl":"https:\/\/www.turnverein-ebenfurth.at\/wp-content\/uploads\/2025\/03\/STV_Logo.jpg","width":413,"height":122,"caption":"St\u00e4dtischer Turnverein Ebenfurth"},"image":{"@id":"https:\/\/www.turnverein-ebenfurth.at\/#\/schema\/logo\/image\/"}}]}},"_links":{"self":[{"href":"https:\/\/www.turnverein-ebenfurth.at\/index.php?rest_route=\/wp\/v2\/pages\/68","targetHints":{"allow":["GET"]}}],"collection":[{"href":"https:\/\/www.turnverein-ebenfurth.at\/index.php?rest_route=\/wp\/v2\/pages"}],"about":[{"href":"https:\/\/www.turnverein-ebenfurth.at\/index.php?rest_route=\/wp\/v2\/types\/page"}],"author":[{"embeddable":true,"href":"https:\/\/www.turnverein-ebenfurth.at\/index.php?rest_route=\/wp\/v2\/users\/5"}],"replies":[{"embeddable":true,"href":"https:\/\/www.turnverein-ebenfurth.at\/index.php?rest_route=%2Fwp%2Fv2%2Fcomments&post=68"}],"version-history":[{"count":22,"href":"https:\/\/www.turnverein-ebenfurth.at\/index.php?rest_route=\/wp\/v2\/pages\/68\/revisions"}],"predecessor-version":[{"id":565,"href":"https:\/\/www.turnverein-ebenfurth.at\/index.php?rest_route=\/wp\/v2\/pages\/68\/revisions\/565"}],"wp:attachment":[{"href":"https:\/\/www.turnverein-ebenfurth.at\/index.php?rest_route=%2Fwp%2Fv2%2Fmedia&parent=68"}],"curies":[{"name":"wp","href":"https:\/\/api.w.org\/{rel}","templated":true}]}}